{"id":96,"date":"2025-03-28T09:48:13","date_gmt":"2025-03-28T09:48:13","guid":{"rendered":"https:\/\/odf-syria.org\/?post_type=issue&#038;p=96"},"modified":"2025-05-27T08:26:55","modified_gmt":"2025-05-27T08:26:55","slug":"democracy-and-freedom","status":"publish","type":"issue","link":"https:\/\/odf-syria.org\/tr\/issue\/democracy-and-freedom\/","title":{"rendered":"Demokrasi ve \u00d6zg\u00fcrl\u00fck"},"content":{"rendered":"<p>ODFS, Suriye'de bar\u0131\u015f\u00e7\u0131l yollarla demokrasi ve \u00f6zg\u00fcrl\u00fc\u011f\u00fc te\u015fvik etmektedir. Suriye'nin otoriter ve kontrolc\u00fc rejimi insanlara bask\u0131 uygulad\u0131, ifade ve \u00f6rg\u00fctlenme \u00f6zg\u00fcrl\u00fc\u011f\u00fcn\u00fc engelledi, insan haklar\u0131n\u0131 ihlal etti ve ekonomiyi k\u00f6t\u00fc y\u00f6netti. Zorbal\u0131k, yolsuzluk ve yoksulluk yayg\u0131nd\u0131r. Hukukun \u00fcst\u00fcnl\u00fc\u011f\u00fc yoktur. Rejim, demokrasi ve \u00f6zg\u00fcrl\u00fckleri bast\u0131rmak i\u00e7in ola\u011fan\u00fcst\u00fc hal bahanesini kullanmaktad\u0131r. \u0130nsan haklar\u0131 ve demokrasi aktivistleri s\u0131k s\u0131k taciz edilmekte, zulme u\u011framakta, tutuklanmakta ve yarg\u0131 s\u00fcreci olmaks\u0131z\u0131n hapsedilmektedir. F\u0131rsat e\u015fitli\u011fi ve sosyal adalet yoktur.<\/p>\n\n\n\n<p>Elbette i\u015fler bir gecede de\u011fi\u015fmeyecek ancak de\u011fi\u015fim ve siyasi reform s\u00fcreci derhal ba\u015flamal\u0131d\u0131r. Bu s\u00fcre\u00e7, demokrasiye inanan t\u00fcm gruplar\u0131n kat\u0131l\u0131m\u0131 ve diyalo\u011fu yoluyla bar\u0131\u015f\u00e7\u0131l ve ge\u00e7i\u015fsel olmal\u0131d\u0131r. Suriye'de rejimden ba\u011f\u0131ms\u0131z, g\u00fc\u00e7l\u00fc ve d\u00fczg\u00fcn i\u015fleyen siyasi partilerin var olmas\u0131na ve geli\u015fmesine izin verilmelidir. Bu, etkin bir \u00e7o\u011fulcu demokrasinin geli\u015ftirilmesi a\u00e7\u0131s\u0131ndan kritik \u00f6nem ta\u015f\u0131maktad\u0131r. T\u00fcm siyasi partiler \u00f6zg\u00fcr ve adil se\u00e7imlere kat\u0131labilmelidir.<\/p>\n\n\n\n<p>Suriye'de sivil toplumun geli\u015ftirilmesi, vatanda\u015flar\u0131n siyasi s\u00fcre\u00e7lere ger\u00e7ek anlamda kat\u0131lmalar\u0131 ve g\u00fc\u00e7lendirilmeleri i\u00e7in hayati \u00f6nem ta\u015f\u0131maktad\u0131r. Bu nedenle demokratik siyasi kurumlar g\u00fc\u00e7lendirilmeli ve se\u00e7menler i\u00e7in eri\u015filebilir olmal\u0131d\u0131r. Ancak bu \u015fekilde s\u0131radan Suriyeliler sosyal, ekonomik ve k\u00fclt\u00fcrel politikalar\u0131 etkileyebilecek ve se\u00e7im sand\u0131\u011f\u0131nda bilin\u00e7li tercihler yapabilecektir.<\/p>\n\n\n\n<p>Suriye'nin, g\u00fc\u00e7ler ayr\u0131l\u0131\u011f\u0131n\u0131 ve yarg\u0131 ba\u011f\u0131ms\u0131zl\u0131\u011f\u0131n\u0131 g\u00fcvence alt\u0131na alan ve din, etnik grup ya da cinsiyet ayr\u0131m\u0131 g\u00f6zetmeksizin bireylerin, gruplar\u0131n ve az\u0131nl\u0131klar\u0131n haklar\u0131n\u0131 koruyan yeni bir demokratik anayasaya ihtiyac\u0131 vard\u0131r. Yurtta\u015flar\u0131n sahip olduklar\u0131 haklar, bor\u00e7lu olduklar\u0131 \u00f6devleri yans\u0131tacakt\u0131r. Yeni \u00e7o\u011fulcu laik Suriye'de vatanda\u015flar hukukun \u00fcst\u00fcnl\u00fc\u011f\u00fc alt\u0131nda tam haklara sahip olacakt\u0131r.<\/p>\n\n\n\n<p>Demokraside sivil toplum, sendikalar, ticaret ve sanayi \u00fczerindeki h\u00fck\u00fcmet kontrol\u00fc sona erecektir. H\u00fck\u00fcmet ve bakanlar\u0131 demokratik denge ve denetleme mekanizmalar\u0131 arac\u0131l\u0131\u011f\u0131yla hesap verebilir olacakt\u0131r. Devlet kurumlar\u0131ndaki yolsuzlukla demokratik hesap verebilirlik yoluyla m\u00fccadele edilecektir. Demokratik bir Suriye, Suriye'de ve Orta Do\u011fu'da bar\u0131\u015f, istikrar ve g\u00fcvenli\u011fin sa\u011flanmas\u0131na yard\u0131mc\u0131 olacakt\u0131r.<\/p>","protected":false},"featured_media":7582,"template":"","class_list":["post-96","issue","type-issue","status-publish","has-post-thumbnail","hentry"],"acf":[],"_links":{"self":[{"href":"https:\/\/odf-syria.org\/tr\/wp-json\/wp\/v2\/issue\/96","targetHints":{"allow":["GET"]}}],"collection":[{"href":"https:\/\/odf-syria.org\/tr\/wp-json\/wp\/v2\/issue"}],"about":[{"href":"https:\/\/odf-syria.org\/tr\/wp-json\/wp\/v2\/types\/issue"}],"wp:featuredmedia":[{"embeddable":true,"href":"https:\/\/odf-syria.org\/tr\/wp-json\/wp\/v2\/media\/7582"}],"wp:attachment":[{"href":"https:\/\/odf-syria.org\/tr\/wp-json\/wp\/v2\/media?parent=96"}],"curies":[{"name":"wp","href":"https:\/\/api.w.org\/{rel}","templated":true}]}}